{"id":136991,"date":"2026-04-28T09:39:47","date_gmt":"2026-04-28T07:39:47","guid":{"rendered":"https:\/\/webshopdistricoscom.webhosting.be\/product\/bio-balance-active-age-creme-de-jour-125-ml-ref-7063-83\/"},"modified":"2026-04-28T09:39:52","modified_gmt":"2026-04-28T07:39:52","slug":"bio-balance-active-age-creme-de-jour-125-ml-ref-7063-83","status":"publish","type":"product","link":"https:\/\/districos.standingout.be\/fr\/product\/bio-balance-active-age-creme-de-jour-125-ml-ref-7063-83\/","title":{"rendered":"Bio Balance Active Age Cr\u00e8me de Jour 125 ml"},"content":{"rendered":"<p >\n<\/p>\n<div><font size=\"2\"><b>ANTI\u00c2GE &#8211; RAFFERMISSANT &#8211; R\u00c9PARATEUR<\/b><\/p>\n<div><\/div>\n<p><\/font><\/div>\n<div><font size=\"2\">Cr\u00e8me de jour raffermissante pour les peaux matures qui prot\u00e8ge la peau contre le vieillissement cutan\u00e9e pr\u00e9matur\u00e9e.<\/font><\/div>\n<div>\n<ul>\n<li><font size=\"2\">Ingr\u00e9dients : panth\u00e9nol, allanto\u00efne, Drieline, aloe vera, Sesaflash\u00ae, huile de colza (riche en vitamine F), filtres UVA et UVB.<\/font><\/li>\n<li><font size=\"2\">Emballage : 125 ml.<\/font><\/li>\n<li><font size=\"2\">Vegan.<\/font><\/li>\n<\/ul>\n<div><font size=\"2\"><b>Substances actives<\/b><\/font><\/div>\n<\/div>\n<div>\n<ul>\n<li><font size=\"2\">Le Sesaflash, un ingr\u00e9dient actif brevet\u00e9, lisse et raffermit visiblement la peau.<\/font><\/li>\n<li><font size=\"2\">Le Drieline renforce les m\u00e9canismes de d\u00e9fense de la peau pour se prot\u00e9ger contre les influences externes n\u00e9fastes.<\/font><\/li>\n<li><font size=\"2\">La vitamine F et le panth\u00e9nol sont des antioxydants puissants qui r\u00e9parent la fonction de la barri\u00e8re cutan\u00e9e.<\/font><\/li>\n<\/ul>\n<div><font size=\"2\"><b>Aussi disponible<\/b><\/font><\/div>\n<\/div>\n<div>\n<ul>\n<li><font size=\"2\">Flacon de vente de 50 ml (<u><a href=\"https:\/\/districos.com\/ProductDetail\/7073.73\" target=\"_blank\" rel=\"noopener noreferrer nofollow\">r\u00e9f. 7073.73<\/a><\/u>)<\/font><\/li>\n<li><font size=\"2\">\u00c9chantillon de 3 ml (<u><a href=\"https:\/\/districos.com\/ProductDetail\/7066.53\" target=\"_blank\" rel=\"noopener noreferrer nofollow\">r\u00e9f. 7066.53<\/a><\/u>)<\/font><\/li>\n<\/ul>\n<\/div>\n","protected":false},"excerpt":{"rendered":"<p>ANTI\u00c2GE &#8211; RAFFERMISSANT &#8211; R\u00c9PARATEUR Cr\u00e8me de jour raffermissante pour les peaux matures qui prot\u00e8ge la peau contre le vieillissement cutan\u00e9e pr\u00e9matur\u00e9e. Ingr\u00e9dients : panth\u00e9nol, allanto\u00efne, Drieline, aloe vera, Sesaflash\u00ae, huile de colza (riche en vitamine F), filtres UVA et UVB. Emballage : 125 ml. Vegan. Substances actives Le Sesaflash, un ingr\u00e9dient actif brevet\u00e9, lisse [&hellip;]<\/p>\n","protected":false},"featured_media":77570,"comment_status":"open","ping_status":"closed","template":"","meta":{"_acf_changed":false},"product_brand":[10308],"product_cat":[9856],"product_tag":[],"class_list":{"0":"post-136991","1":"product","2":"type-product","3":"status-publish","4":"has-post-thumbnail","6":"product_brand-bb_gelaat-fr","7":"product_cat-beaute-visage-bio-balance-visage","9":"first","10":"instock","11":"taxable","12":"shipping-taxable","13":"product-type-simple"},"acf":[],"yoast_head":"<!-- This site is optimized with the Yoast SEO plugin v27.3 - https:\/\/yoast.com\/product\/yoast-seo-wordpress\/ -->\n<title>Bio Balance Active Age Cr\u00e8me de Jour 125 ml - Districos Webshop<\/title>\n<meta name=\"robots\" content=\"noindex, follow, max-snippet:-1, max-image-preview:large, max-video-preview:-1\" \/>\n<meta property=\"og:locale\" content=\"fr_FR\" \/>\n<meta property=\"og:type\" content=\"article\" \/>\n<meta property=\"og:title\" content=\"Bio Balance Active Age Cr\u00e8me de Jour 125 ml - Districos Webshop\" \/>\n<meta property=\"og:description\" content=\"ANTI\u00c2GE &#8211; RAFFERMISSANT &#8211; R\u00c9PARATEUR Cr\u00e8me de jour raffermissante pour les peaux matures qui prot\u00e8ge la peau contre le vieillissement cutan\u00e9e pr\u00e9matur\u00e9e. Ingr\u00e9dients : panth\u00e9nol, allanto\u00efne, Drieline, aloe vera, Sesaflash\u00ae, huile de colza (riche en vitamine F), filtres UVA et UVB. Emballage : 125 ml. Vegan. Substances actives Le Sesaflash, un ingr\u00e9dient actif brevet\u00e9, lisse [&hellip;]\" \/>\n<meta property=\"og:url\" content=\"https:\/\/districos.standingout.be\/fr\/product\/bio-balance-active-age-creme-de-jour-125-ml-ref-7063-83\/\" \/>\n<meta property=\"og:site_name\" content=\"Districos Webshop\" \/>\n<meta property=\"article:modified_time\" content=\"2026-04-28T07:39:52+00:00\" \/>\n<meta name=\"twitter:card\" content=\"summary_large_image\" \/>\n<meta name=\"twitter:label1\" content=\"Dur\u00e9e de lecture estim\u00e9e\" \/>\n\t<meta name=\"twitter:data1\" content=\"1 minute\" \/>\n<script type=\"application\/ld+json\" class=\"yoast-schema-graph\">{\"@context\":\"https:\\\/\\\/schema.org\",\"@graph\":[{\"@type\":\"WebPage\",\"@id\":\"https:\\\/\\\/districos.standingout.be\\\/fr\\\/product\\\/bio-balance-active-age-creme-de-jour-125-ml-ref-7063-83\\\/\",\"url\":\"https:\\\/\\\/districos.standingout.be\\\/fr\\\/product\\\/bio-balance-active-age-creme-de-jour-125-ml-ref-7063-83\\\/\",\"name\":\"Bio Balance Active Age Cr\u00e8me de Jour 125 ml - Districos Webshop\",\"isPartOf\":{\"@id\":\"https:\\\/\\\/districos.standingout.be\\\/fr\\\/#website\"},\"primaryImageOfPage\":{\"@id\":\"https:\\\/\\\/districos.standingout.be\\\/fr\\\/product\\\/bio-balance-active-age-creme-de-jour-125-ml-ref-7063-83\\\/#primaryimage\"},\"image\":{\"@id\":\"https:\\\/\\\/districos.standingout.be\\\/fr\\\/product\\\/bio-balance-active-age-creme-de-jour-125-ml-ref-7063-83\\\/#primaryimage\"},\"thumbnailUrl\":\"https:\\\/\\\/districos.standingout.be\\\/wp-content\\\/uploads\\\/2025\\\/07\\\/7063.83@LowRes_1_0.png\",\"datePublished\":\"2026-04-28T07:39:47+00:00\",\"dateModified\":\"2026-04-28T07:39:52+00:00\",\"breadcrumb\":{\"@id\":\"https:\\\/\\\/districos.standingout.be\\\/fr\\\/product\\\/bio-balance-active-age-creme-de-jour-125-ml-ref-7063-83\\\/#breadcrumb\"},\"inLanguage\":\"fr-FR\",\"potentialAction\":[{\"@type\":\"ReadAction\",\"target\":[\"https:\\\/\\\/districos.standingout.be\\\/fr\\\/product\\\/bio-balance-active-age-creme-de-jour-125-ml-ref-7063-83\\\/\"]}]},{\"@type\":\"ImageObject\",\"inLanguage\":\"fr-FR\",\"@id\":\"https:\\\/\\\/districos.standingout.be\\\/fr\\\/product\\\/bio-balance-active-age-creme-de-jour-125-ml-ref-7063-83\\\/#primaryimage\",\"url\":\"https:\\\/\\\/districos.standingout.be\\\/wp-content\\\/uploads\\\/2025\\\/07\\\/7063.83@LowRes_1_0.png\",\"contentUrl\":\"https:\\\/\\\/districos.standingout.be\\\/wp-content\\\/uploads\\\/2025\\\/07\\\/7063.83@LowRes_1_0.png\",\"width\":600,\"height\":600},{\"@type\":\"BreadcrumbList\",\"@id\":\"https:\\\/\\\/districos.standingout.be\\\/fr\\\/product\\\/bio-balance-active-age-creme-de-jour-125-ml-ref-7063-83\\\/#breadcrumb\",\"itemListElement\":[{\"@type\":\"ListItem\",\"position\":1,\"name\":\"Home\",\"item\":\"https:\\\/\\\/districos.standingout.be\\\/fr\\\/bienvenue-chez-districos\\\/\"},{\"@type\":\"ListItem\",\"position\":2,\"name\":\"Boutique\",\"item\":\"https:\\\/\\\/districos.standingout.be\\\/fr\\\/boutique\\\/\"},{\"@type\":\"ListItem\",\"position\":3,\"name\":\"Bio Balance Active Age Cr\u00e8me de Jour 125 ml\"}]},{\"@type\":\"WebSite\",\"@id\":\"https:\\\/\\\/districos.standingout.be\\\/fr\\\/#website\",\"url\":\"https:\\\/\\\/districos.standingout.be\\\/fr\\\/\",\"name\":\"Districos Webshop\",\"description\":\"\",\"publisher\":{\"@id\":\"https:\\\/\\\/districos.standingout.be\\\/fr\\\/#organization\"},\"potentialAction\":[{\"@type\":\"SearchAction\",\"target\":{\"@type\":\"EntryPoint\",\"urlTemplate\":\"https:\\\/\\\/districos.standingout.be\\\/fr\\\/?s={search_term_string}\"},\"query-input\":{\"@type\":\"PropertyValueSpecification\",\"valueRequired\":true,\"valueName\":\"search_term_string\"}}],\"inLanguage\":\"fr-FR\"},{\"@type\":\"Organization\",\"@id\":\"https:\\\/\\\/districos.standingout.be\\\/fr\\\/#organization\",\"name\":\"Districos Webshop\",\"url\":\"https:\\\/\\\/districos.standingout.be\\\/fr\\\/\",\"logo\":{\"@type\":\"ImageObject\",\"inLanguage\":\"fr-FR\",\"@id\":\"https:\\\/\\\/districos.standingout.be\\\/fr\\\/#\\\/schema\\\/logo\\\/image\\\/\",\"url\":\"https:\\\/\\\/districos.standingout.be\\\/wp-content\\\/uploads\\\/2022\\\/09\\\/Districos_Logo_Webshop.svg\",\"contentUrl\":\"https:\\\/\\\/districos.standingout.be\\\/wp-content\\\/uploads\\\/2022\\\/09\\\/Districos_Logo_Webshop.svg\",\"caption\":\"Districos Webshop\"},\"image\":{\"@id\":\"https:\\\/\\\/districos.standingout.be\\\/fr\\\/#\\\/schema\\\/logo\\\/image\\\/\"}}]}<\/script>\n<!-- \/ Yoast SEO plugin. -->","yoast_head_json":{"title":"Bio Balance Active Age Cr\u00e8me de Jour 125 ml - Districos Webshop","robots":{"index":"noindex","follow":"follow","max-snippet":"max-snippet:-1","max-image-preview":"max-image-preview:large","max-video-preview":"max-video-preview:-1"},"og_locale":"fr_FR","og_type":"article","og_title":"Bio Balance Active Age Cr\u00e8me de Jour 125 ml - Districos Webshop","og_description":"ANTI\u00c2GE &#8211; RAFFERMISSANT &#8211; R\u00c9PARATEUR Cr\u00e8me de jour raffermissante pour les peaux matures qui prot\u00e8ge la peau contre le vieillissement cutan\u00e9e pr\u00e9matur\u00e9e. Ingr\u00e9dients : panth\u00e9nol, allanto\u00efne, Drieline, aloe vera, Sesaflash\u00ae, huile de colza (riche en vitamine F), filtres UVA et UVB. Emballage : 125 ml. Vegan. Substances actives Le Sesaflash, un ingr\u00e9dient actif brevet\u00e9, lisse [&hellip;]","og_url":"https:\/\/districos.standingout.be\/fr\/product\/bio-balance-active-age-creme-de-jour-125-ml-ref-7063-83\/","og_site_name":"Districos Webshop","article_modified_time":"2026-04-28T07:39:52+00:00","twitter_card":"summary_large_image","twitter_misc":{"Dur\u00e9e de lecture estim\u00e9e":"1 minute"},"schema":{"@context":"https:\/\/schema.org","@graph":[{"@type":"WebPage","@id":"https:\/\/districos.standingout.be\/fr\/product\/bio-balance-active-age-creme-de-jour-125-ml-ref-7063-83\/","url":"https:\/\/districos.standingout.be\/fr\/product\/bio-balance-active-age-creme-de-jour-125-ml-ref-7063-83\/","name":"Bio Balance Active Age Cr\u00e8me de Jour 125 ml - Districos Webshop","isPartOf":{"@id":"https:\/\/districos.standingout.be\/fr\/#website"},"primaryImageOfPage":{"@id":"https:\/\/districos.standingout.be\/fr\/product\/bio-balance-active-age-creme-de-jour-125-ml-ref-7063-83\/#primaryimage"},"image":{"@id":"https:\/\/districos.standingout.be\/fr\/product\/bio-balance-active-age-creme-de-jour-125-ml-ref-7063-83\/#primaryimage"},"thumbnailUrl":"https:\/\/districos.standingout.be\/wp-content\/uploads\/2025\/07\/7063.83@LowRes_1_0.png","datePublished":"2026-04-28T07:39:47+00:00","dateModified":"2026-04-28T07:39:52+00:00","breadcrumb":{"@id":"https:\/\/districos.standingout.be\/fr\/product\/bio-balance-active-age-creme-de-jour-125-ml-ref-7063-83\/#breadcrumb"},"inLanguage":"fr-FR","potentialAction":[{"@type":"ReadAction","target":["https:\/\/districos.standingout.be\/fr\/product\/bio-balance-active-age-creme-de-jour-125-ml-ref-7063-83\/"]}]},{"@type":"ImageObject","inLanguage":"fr-FR","@id":"https:\/\/districos.standingout.be\/fr\/product\/bio-balance-active-age-creme-de-jour-125-ml-ref-7063-83\/#primaryimage","url":"https:\/\/districos.standingout.be\/wp-content\/uploads\/2025\/07\/7063.83@LowRes_1_0.png","contentUrl":"https:\/\/districos.standingout.be\/wp-content\/uploads\/2025\/07\/7063.83@LowRes_1_0.png","width":600,"height":600},{"@type":"BreadcrumbList","@id":"https:\/\/districos.standingout.be\/fr\/product\/bio-balance-active-age-creme-de-jour-125-ml-ref-7063-83\/#breadcrumb","itemListElement":[{"@type":"ListItem","position":1,"name":"Home","item":"https:\/\/districos.standingout.be\/fr\/bienvenue-chez-districos\/"},{"@type":"ListItem","position":2,"name":"Boutique","item":"https:\/\/districos.standingout.be\/fr\/boutique\/"},{"@type":"ListItem","position":3,"name":"Bio Balance Active Age Cr\u00e8me de Jour 125 ml"}]},{"@type":"WebSite","@id":"https:\/\/districos.standingout.be\/fr\/#website","url":"https:\/\/districos.standingout.be\/fr\/","name":"Districos Webshop","description":"","publisher":{"@id":"https:\/\/districos.standingout.be\/fr\/#organization"},"potentialAction":[{"@type":"SearchAction","target":{"@type":"EntryPoint","urlTemplate":"https:\/\/districos.standingout.be\/fr\/?s={search_term_string}"},"query-input":{"@type":"PropertyValueSpecification","valueRequired":true,"valueName":"search_term_string"}}],"inLanguage":"fr-FR"},{"@type":"Organization","@id":"https:\/\/districos.standingout.be\/fr\/#organization","name":"Districos Webshop","url":"https:\/\/districos.standingout.be\/fr\/","logo":{"@type":"ImageObject","inLanguage":"fr-FR","@id":"https:\/\/districos.standingout.be\/fr\/#\/schema\/logo\/image\/","url":"https:\/\/districos.standingout.be\/wp-content\/uploads\/2022\/09\/Districos_Logo_Webshop.svg","contentUrl":"https:\/\/districos.standingout.be\/wp-content\/uploads\/2022\/09\/Districos_Logo_Webshop.svg","caption":"Districos Webshop"},"image":{"@id":"https:\/\/districos.standingout.be\/fr\/#\/schema\/logo\/image\/"}}]}},"_links":{"self":[{"href":"https:\/\/districos.standingout.be\/fr\/wp-json\/wp\/v2\/product\/136991","targetHints":{"allow":["GET"]}}],"collection":[{"href":"https:\/\/districos.standingout.be\/fr\/wp-json\/wp\/v2\/product"}],"about":[{"href":"https:\/\/districos.standingout.be\/fr\/wp-json\/wp\/v2\/types\/product"}],"replies":[{"embeddable":true,"href":"https:\/\/districos.standingout.be\/fr\/wp-json\/wp\/v2\/comments?post=136991"}],"wp:featuredmedia":[{"embeddable":true,"href":"https:\/\/districos.standingout.be\/fr\/wp-json\/wp\/v2\/media\/77570"}],"wp:attachment":[{"href":"https:\/\/districos.standingout.be\/fr\/wp-json\/wp\/v2\/media?parent=136991"}],"wp:term":[{"taxonomy":"product_brand","embeddable":true,"href":"https:\/\/districos.standingout.be\/fr\/wp-json\/wp\/v2\/product_brand?post=136991"},{"taxonomy":"product_cat","embeddable":true,"href":"https:\/\/districos.standingout.be\/fr\/wp-json\/wp\/v2\/product_cat?post=136991"},{"taxonomy":"product_tag","embeddable":true,"href":"https:\/\/districos.standingout.be\/fr\/wp-json\/wp\/v2\/product_tag?post=136991"}],"curies":[{"name":"wp","href":"https:\/\/api.w.org\/{rel}","templated":true}]}}