{"id":138453,"date":"2026-04-28T11:22:10","date_gmt":"2026-04-28T09:22:10","guid":{"rendered":"https:\/\/webshopdistricoscom.webhosting.be\/product\/caramba-siege-selle-bas-avec-dossier-noir-ref-8415-530\/"},"modified":"2026-04-28T11:22:21","modified_gmt":"2026-04-28T09:22:21","slug":"caramba-siege-selle-bas-avec-dossier-noir-ref-8415-530","status":"publish","type":"product","link":"https:\/\/districos.standingout.be\/fr\/product\/caramba-siege-selle-bas-avec-dossier-noir-ref-8415-530\/","title":{"rendered":"Caramba Si\u00e8ge-Selle Bas avec Dossier Noir"},"content":{"rendered":"<p >\n<\/p>\n<\/p>\n<\/p>\n<\/p>\n<p><b>Si\u00e8ge-selle ergonomique qui peut \u00eatre inclin\u00e9 vers l&rsquo;avant et l&rsquo;arri\u00e8re pour une position assise active. Le dossier peut \u00eatre r\u00e9gl\u00e9 en hauteur et \u00e9galement d\u2019avant en arri\u00e8re pour un soutien maximum du dos.<\/b><\/p>\n<p><span>Ce tabouret peut \u00eatre \u00e9quip\u00e9 des v\u00e9rins \u00e0 gaz diff\u00e9rents (voir options). Ajoutez, si vous d\u00e9sirez une autre hauteur, le v\u00e9rin \u00e0 gaz de votre choix \u00e0 votre commande.<\/span><\/p>\n<p><b>Caract\u00e9ristiques :<\/b><\/p>\n<ul>\n<li>V\u00e9rin \u00e0 gaz bas (standard) : r\u00e9glable en hauteur de 44 \u00e0 55 cm.<\/li>\n<li>Le dossier peut \u00eatre inclin\u00e9 vers l&rsquo;avant et l&rsquo;arri\u00e8re.<\/li>\n<li>Largeur du si\u00e8ge (selle) : 44 cm.<\/li>\n<li>Si\u00e8ge dynamique : angle de selle r\u00e9glable.<\/li>\n<li>Avec pied pentagonal chrom\u00e9.<\/li>\n<\/ul>\n<p><span><b>Options:<\/b><\/span><\/p>\n<ul>\n<li>Support-pieds chrom\u00e9 (<a href=\"https:\/\/webshop.districos.com\/ProductDetail\/8502.351\" target=\"_blank\" rel=\"noopener noreferrer nofollow\">r\u00e9f. 8502.351<\/a>)<\/li>\n<li><span lang=\"FR\">V\u00e9rin \u00e0 gaz long (+10 cm,&nbsp;<a href=\"https:\/\/webshop.districos.com\/ProductDetail\/8403.501\" target=\"_blank\" rel=\"noopener noreferrer nofollow\">r\u00e9f. 8403.501<\/a>) ou v\u00e9rin \u00e0 gaz extra long (+20 cm,&nbsp;<a href=\"https:\/\/webshop.districos.com\/ProductDetail\/8403.502\" target=\"_blank\" rel=\"noopener noreferrer nofollow\">r\u00e9f. 8403.502<\/a>)<\/span><\/li>\n<li>Housse stretch<\/li>\n<\/ul>\n<p><span><b>Couleurs disponibles :<\/b><\/span><\/p>\n<ul>\n<li>Blanc (<a href=\"https:\/\/webshop.districos.com\/ProductDetail\/8415.520\" target=\"_blank\" rel=\"noopener noreferrer nofollow\">r\u00e9f. 8415.520<\/a>)<\/li>\n<li>Noir (<a href=\"https:\/\/webshop.districos.com\/ProductDetail\/8415.530\" target=\"_blank\" rel=\"noopener noreferrer nofollow\">r\u00e9f. 8415.530<\/a>)<\/li>\n<\/ul>\n<p><i><span><\/p>\n<div><span><br \/><\/span><\/div>\n<p>Ce tabouret peut \u00eatre \u00e9quip\u00e9e de v\u00e9rins \u00e0 gaz alternatifs, permettant une hauteur r\u00e9glable diff\u00e9rente.&nbsp;<\/span><font face=\"Verdana\">Veuillez contacter notre service client\u00e8le si vous souhaitez ce tabouret avec un autre v\u00e9rin \u00e0 gaz ou ajoutez le v\u00e9rin \u00e0 gaz souhait\u00e9 \u00e0 votre commande.<\/font><\/i><\/p>\n<ul>\n<li><i>V\u00e9rin \u00e0 gaz bas (standard).<\/i><\/li>\n<li><i>V\u00e9rin \u00e0 gaz haut (<a href=\"https:\/\/webshop.districos.com\/ProductDetail\/8403.501\" target=\"_blank\" rel=\"noopener noreferrer nofollow\">r\u00e9f. 8403.501<\/a>) : +10 cm.<\/i><\/li>\n<li><i>V\u00e9rin \u00e0 gaz extra haut (<a href=\"https:\/\/webshop.districos.com\/ProductDetail\/8403.502\" target=\"_blank\" rel=\"noopener noreferrer nofollow\">r\u00e9f. 8403.502<\/a>) : +20 cm.<\/i><\/li>\n<\/ul>\n","protected":false},"excerpt":{"rendered":"<p>Si\u00e8ge-selle ergonomique qui peut \u00eatre inclin\u00e9 vers l&rsquo;avant et l&rsquo;arri\u00e8re pour une position assise active. Le dossier peut \u00eatre r\u00e9gl\u00e9 en hauteur et \u00e9galement d\u2019avant en arri\u00e8re pour un soutien maximum du dos. Ce tabouret peut \u00eatre \u00e9quip\u00e9 des v\u00e9rins \u00e0 gaz diff\u00e9rents (voir options). Ajoutez, si vous d\u00e9sirez une autre hauteur, le v\u00e9rin \u00e0 [&hellip;]<\/p>\n","protected":false},"featured_media":81335,"comment_status":"open","ping_status":"closed","template":"","meta":{"_acf_changed":false},"product_brand":[10612],"product_cat":[9960,10233,10068,10106],"product_tag":[],"class_list":{"0":"post-138453","1":"product","2":"type-product","3":"status-publish","4":"has-post-thumbnail","6":"product_brand-zenna-fr","7":"product_cat-beaute-pedicure-amenagement-du-cabinet","8":"product_cat-amenagement-fauteuils-de-traitement-pedicure","9":"product_cat-soins-des-pieds-podologie-amenagement-du-cabinet-tabourets","10":"product_cat-amenagement-amenagement-tabourets","12":"first","13":"instock","14":"taxable","15":"shipping-taxable","16":"product-type-simple"},"acf":[],"yoast_head":"<!-- This site is optimized with the Yoast SEO plugin v27.3 - https:\/\/yoast.com\/product\/yoast-seo-wordpress\/ -->\n<title>Caramba Si\u00e8ge-Selle Bas avec Dossier Noir - Districos Webshop<\/title>\n<meta name=\"robots\" content=\"noindex, follow, max-snippet:-1, max-image-preview:large, max-video-preview:-1\" \/>\n<meta property=\"og:locale\" content=\"fr_FR\" \/>\n<meta property=\"og:type\" content=\"article\" \/>\n<meta property=\"og:title\" content=\"Caramba Si\u00e8ge-Selle Bas avec Dossier Noir - Districos Webshop\" \/>\n<meta property=\"og:description\" content=\"Si\u00e8ge-selle ergonomique qui peut \u00eatre inclin\u00e9 vers l&rsquo;avant et l&rsquo;arri\u00e8re pour une position assise active. Le dossier peut \u00eatre r\u00e9gl\u00e9 en hauteur et \u00e9galement d\u2019avant en arri\u00e8re pour un soutien maximum du dos. Ce tabouret peut \u00eatre \u00e9quip\u00e9 des v\u00e9rins \u00e0 gaz diff\u00e9rents (voir options). Ajoutez, si vous d\u00e9sirez une autre hauteur, le v\u00e9rin \u00e0 [&hellip;]\" \/>\n<meta property=\"og:url\" content=\"https:\/\/districos.standingout.be\/fr\/product\/caramba-siege-selle-bas-avec-dossier-noir-ref-8415-530\/\" \/>\n<meta property=\"og:site_name\" content=\"Districos Webshop\" \/>\n<meta property=\"article:modified_time\" content=\"2026-04-28T09:22:21+00:00\" \/>\n<meta name=\"twitter:card\" content=\"summary_large_image\" \/>\n<meta name=\"twitter:label1\" content=\"Dur\u00e9e de lecture estim\u00e9e\" \/>\n\t<meta name=\"twitter:data1\" content=\"1 minute\" \/>\n<script type=\"application\/ld+json\" class=\"yoast-schema-graph\">{\"@context\":\"https:\\\/\\\/schema.org\",\"@graph\":[{\"@type\":\"WebPage\",\"@id\":\"https:\\\/\\\/districos.standingout.be\\\/fr\\\/product\\\/caramba-siege-selle-bas-avec-dossier-noir-ref-8415-530\\\/\",\"url\":\"https:\\\/\\\/districos.standingout.be\\\/fr\\\/product\\\/caramba-siege-selle-bas-avec-dossier-noir-ref-8415-530\\\/\",\"name\":\"Caramba Si\u00e8ge-Selle Bas avec Dossier Noir - Districos Webshop\",\"isPartOf\":{\"@id\":\"https:\\\/\\\/districos.standingout.be\\\/fr\\\/#website\"},\"primaryImageOfPage\":{\"@id\":\"https:\\\/\\\/districos.standingout.be\\\/fr\\\/product\\\/caramba-siege-selle-bas-avec-dossier-noir-ref-8415-530\\\/#primaryimage\"},\"image\":{\"@id\":\"https:\\\/\\\/districos.standingout.be\\\/fr\\\/product\\\/caramba-siege-selle-bas-avec-dossier-noir-ref-8415-530\\\/#primaryimage\"},\"thumbnailUrl\":\"https:\\\/\\\/districos.standingout.be\\\/wp-content\\\/uploads\\\/2025\\\/07\\\/8415.530@LowRes_1.png\",\"datePublished\":\"2026-04-28T09:22:10+00:00\",\"dateModified\":\"2026-04-28T09:22:21+00:00\",\"breadcrumb\":{\"@id\":\"https:\\\/\\\/districos.standingout.be\\\/fr\\\/product\\\/caramba-siege-selle-bas-avec-dossier-noir-ref-8415-530\\\/#breadcrumb\"},\"inLanguage\":\"fr-FR\",\"potentialAction\":[{\"@type\":\"ReadAction\",\"target\":[\"https:\\\/\\\/districos.standingout.be\\\/fr\\\/product\\\/caramba-siege-selle-bas-avec-dossier-noir-ref-8415-530\\\/\"]}]},{\"@type\":\"ImageObject\",\"inLanguage\":\"fr-FR\",\"@id\":\"https:\\\/\\\/districos.standingout.be\\\/fr\\\/product\\\/caramba-siege-selle-bas-avec-dossier-noir-ref-8415-530\\\/#primaryimage\",\"url\":\"https:\\\/\\\/districos.standingout.be\\\/wp-content\\\/uploads\\\/2025\\\/07\\\/8415.530@LowRes_1.png\",\"contentUrl\":\"https:\\\/\\\/districos.standingout.be\\\/wp-content\\\/uploads\\\/2025\\\/07\\\/8415.530@LowRes_1.png\",\"width\":600,\"height\":600},{\"@type\":\"BreadcrumbList\",\"@id\":\"https:\\\/\\\/districos.standingout.be\\\/fr\\\/product\\\/caramba-siege-selle-bas-avec-dossier-noir-ref-8415-530\\\/#breadcrumb\",\"itemListElement\":[{\"@type\":\"ListItem\",\"position\":1,\"name\":\"Home\",\"item\":\"https:\\\/\\\/districos.standingout.be\\\/fr\\\/bienvenue-chez-districos\\\/\"},{\"@type\":\"ListItem\",\"position\":2,\"name\":\"Boutique\",\"item\":\"https:\\\/\\\/districos.standingout.be\\\/fr\\\/boutique\\\/\"},{\"@type\":\"ListItem\",\"position\":3,\"name\":\"Caramba Si\u00e8ge-Selle Bas avec Dossier Noir\"}]},{\"@type\":\"WebSite\",\"@id\":\"https:\\\/\\\/districos.standingout.be\\\/fr\\\/#website\",\"url\":\"https:\\\/\\\/districos.standingout.be\\\/fr\\\/\",\"name\":\"Districos Webshop\",\"description\":\"\",\"publisher\":{\"@id\":\"https:\\\/\\\/districos.standingout.be\\\/fr\\\/#organization\"},\"potentialAction\":[{\"@type\":\"SearchAction\",\"target\":{\"@type\":\"EntryPoint\",\"urlTemplate\":\"https:\\\/\\\/districos.standingout.be\\\/fr\\\/?s={search_term_string}\"},\"query-input\":{\"@type\":\"PropertyValueSpecification\",\"valueRequired\":true,\"valueName\":\"search_term_string\"}}],\"inLanguage\":\"fr-FR\"},{\"@type\":\"Organization\",\"@id\":\"https:\\\/\\\/districos.standingout.be\\\/fr\\\/#organization\",\"name\":\"Districos Webshop\",\"url\":\"https:\\\/\\\/districos.standingout.be\\\/fr\\\/\",\"logo\":{\"@type\":\"ImageObject\",\"inLanguage\":\"fr-FR\",\"@id\":\"https:\\\/\\\/districos.standingout.be\\\/fr\\\/#\\\/schema\\\/logo\\\/image\\\/\",\"url\":\"https:\\\/\\\/districos.standingout.be\\\/wp-content\\\/uploads\\\/2022\\\/09\\\/Districos_Logo_Webshop.svg\",\"contentUrl\":\"https:\\\/\\\/districos.standingout.be\\\/wp-content\\\/uploads\\\/2022\\\/09\\\/Districos_Logo_Webshop.svg\",\"caption\":\"Districos Webshop\"},\"image\":{\"@id\":\"https:\\\/\\\/districos.standingout.be\\\/fr\\\/#\\\/schema\\\/logo\\\/image\\\/\"}}]}<\/script>\n<!-- \/ Yoast SEO plugin. -->","yoast_head_json":{"title":"Caramba Si\u00e8ge-Selle Bas avec Dossier Noir - Districos Webshop","robots":{"index":"noindex","follow":"follow","max-snippet":"max-snippet:-1","max-image-preview":"max-image-preview:large","max-video-preview":"max-video-preview:-1"},"og_locale":"fr_FR","og_type":"article","og_title":"Caramba Si\u00e8ge-Selle Bas avec Dossier Noir - Districos Webshop","og_description":"Si\u00e8ge-selle ergonomique qui peut \u00eatre inclin\u00e9 vers l&rsquo;avant et l&rsquo;arri\u00e8re pour une position assise active. Le dossier peut \u00eatre r\u00e9gl\u00e9 en hauteur et \u00e9galement d\u2019avant en arri\u00e8re pour un soutien maximum du dos. Ce tabouret peut \u00eatre \u00e9quip\u00e9 des v\u00e9rins \u00e0 gaz diff\u00e9rents (voir options). Ajoutez, si vous d\u00e9sirez une autre hauteur, le v\u00e9rin \u00e0 [&hellip;]","og_url":"https:\/\/districos.standingout.be\/fr\/product\/caramba-siege-selle-bas-avec-dossier-noir-ref-8415-530\/","og_site_name":"Districos Webshop","article_modified_time":"2026-04-28T09:22:21+00:00","twitter_card":"summary_large_image","twitter_misc":{"Dur\u00e9e de lecture estim\u00e9e":"1 minute"},"schema":{"@context":"https:\/\/schema.org","@graph":[{"@type":"WebPage","@id":"https:\/\/districos.standingout.be\/fr\/product\/caramba-siege-selle-bas-avec-dossier-noir-ref-8415-530\/","url":"https:\/\/districos.standingout.be\/fr\/product\/caramba-siege-selle-bas-avec-dossier-noir-ref-8415-530\/","name":"Caramba Si\u00e8ge-Selle Bas avec Dossier Noir - Districos Webshop","isPartOf":{"@id":"https:\/\/districos.standingout.be\/fr\/#website"},"primaryImageOfPage":{"@id":"https:\/\/districos.standingout.be\/fr\/product\/caramba-siege-selle-bas-avec-dossier-noir-ref-8415-530\/#primaryimage"},"image":{"@id":"https:\/\/districos.standingout.be\/fr\/product\/caramba-siege-selle-bas-avec-dossier-noir-ref-8415-530\/#primaryimage"},"thumbnailUrl":"https:\/\/districos.standingout.be\/wp-content\/uploads\/2025\/07\/8415.530@LowRes_1.png","datePublished":"2026-04-28T09:22:10+00:00","dateModified":"2026-04-28T09:22:21+00:00","breadcrumb":{"@id":"https:\/\/districos.standingout.be\/fr\/product\/caramba-siege-selle-bas-avec-dossier-noir-ref-8415-530\/#breadcrumb"},"inLanguage":"fr-FR","potentialAction":[{"@type":"ReadAction","target":["https:\/\/districos.standingout.be\/fr\/product\/caramba-siege-selle-bas-avec-dossier-noir-ref-8415-530\/"]}]},{"@type":"ImageObject","inLanguage":"fr-FR","@id":"https:\/\/districos.standingout.be\/fr\/product\/caramba-siege-selle-bas-avec-dossier-noir-ref-8415-530\/#primaryimage","url":"https:\/\/districos.standingout.be\/wp-content\/uploads\/2025\/07\/8415.530@LowRes_1.png","contentUrl":"https:\/\/districos.standingout.be\/wp-content\/uploads\/2025\/07\/8415.530@LowRes_1.png","width":600,"height":600},{"@type":"BreadcrumbList","@id":"https:\/\/districos.standingout.be\/fr\/product\/caramba-siege-selle-bas-avec-dossier-noir-ref-8415-530\/#breadcrumb","itemListElement":[{"@type":"ListItem","position":1,"name":"Home","item":"https:\/\/districos.standingout.be\/fr\/bienvenue-chez-districos\/"},{"@type":"ListItem","position":2,"name":"Boutique","item":"https:\/\/districos.standingout.be\/fr\/boutique\/"},{"@type":"ListItem","position":3,"name":"Caramba Si\u00e8ge-Selle Bas avec Dossier Noir"}]},{"@type":"WebSite","@id":"https:\/\/districos.standingout.be\/fr\/#website","url":"https:\/\/districos.standingout.be\/fr\/","name":"Districos Webshop","description":"","publisher":{"@id":"https:\/\/districos.standingout.be\/fr\/#organization"},"potentialAction":[{"@type":"SearchAction","target":{"@type":"EntryPoint","urlTemplate":"https:\/\/districos.standingout.be\/fr\/?s={search_term_string}"},"query-input":{"@type":"PropertyValueSpecification","valueRequired":true,"valueName":"search_term_string"}}],"inLanguage":"fr-FR"},{"@type":"Organization","@id":"https:\/\/districos.standingout.be\/fr\/#organization","name":"Districos Webshop","url":"https:\/\/districos.standingout.be\/fr\/","logo":{"@type":"ImageObject","inLanguage":"fr-FR","@id":"https:\/\/districos.standingout.be\/fr\/#\/schema\/logo\/image\/","url":"https:\/\/districos.standingout.be\/wp-content\/uploads\/2022\/09\/Districos_Logo_Webshop.svg","contentUrl":"https:\/\/districos.standingout.be\/wp-content\/uploads\/2022\/09\/Districos_Logo_Webshop.svg","caption":"Districos Webshop"},"image":{"@id":"https:\/\/districos.standingout.be\/fr\/#\/schema\/logo\/image\/"}}]}},"_links":{"self":[{"href":"https:\/\/districos.standingout.be\/fr\/wp-json\/wp\/v2\/product\/138453","targetHints":{"allow":["GET"]}}],"collection":[{"href":"https:\/\/districos.standingout.be\/fr\/wp-json\/wp\/v2\/product"}],"about":[{"href":"https:\/\/districos.standingout.be\/fr\/wp-json\/wp\/v2\/types\/product"}],"replies":[{"embeddable":true,"href":"https:\/\/districos.standingout.be\/fr\/wp-json\/wp\/v2\/comments?post=138453"}],"wp:featuredmedia":[{"embeddable":true,"href":"https:\/\/districos.standingout.be\/fr\/wp-json\/wp\/v2\/media\/81335"}],"wp:attachment":[{"href":"https:\/\/districos.standingout.be\/fr\/wp-json\/wp\/v2\/media?parent=138453"}],"wp:term":[{"taxonomy":"product_brand","embeddable":true,"href":"https:\/\/districos.standingout.be\/fr\/wp-json\/wp\/v2\/product_brand?post=138453"},{"taxonomy":"product_cat","embeddable":true,"href":"https:\/\/districos.standingout.be\/fr\/wp-json\/wp\/v2\/product_cat?post=138453"},{"taxonomy":"product_tag","embeddable":true,"href":"https:\/\/districos.standingout.be\/fr\/wp-json\/wp\/v2\/product_tag?post=138453"}],"curies":[{"name":"wp","href":"https:\/\/api.w.org\/{rel}","templated":true}]}}