{"id":138719,"date":"2026-04-28T11:52:48","date_gmt":"2026-04-28T09:52:48","guid":{"rendered":"https:\/\/webshopdistricoscom.webhosting.be\/product\/zenna-m-4049-chauffe-compresse-ref-8450-21\/"},"modified":"2026-04-28T11:52:52","modified_gmt":"2026-04-28T09:52:52","slug":"zenna-m-4049-chauffe-compresse-ref-8450-21","status":"publish","type":"product","link":"https:\/\/districos.standingout.be\/fr\/product\/zenna-m-4049-chauffe-compresse-ref-8450-21\/","title":{"rendered":"Zenna M-4049 Chauffe-Compresse"},"content":{"rendered":"<p >\n<\/p>\n<\/p>\n<\/p>\n<p><font size=\"2\"><span lang=\"FR\">La chaleur s\u2019utilise souvent pour les soins esth\u00e9tiques, tant pour les soins de visage et de corps que pour les manucures et les p\u00e9dicures. Avec un chauffe-compresse dans votre salon, vous disposez en permanence de compresses chaudes \u00e0 port\u00e9e de main afin de nettoyer le visage apr\u00e8s un masque, d\u2019\u00e9liminer les restants d\u2019un enveloppement corporel et de compl\u00e9ter de mani\u00e8re agr\u00e9able votre manucure et p\u00e9dicure. Bref, vos traitements ont une dimension suppl\u00e9mentaire et ont l\u2019air d\u2019autant plus professionnels.<o:p><\/o:p><\/span><\/font><\/p>\n<p><font size=\"2\"><\/font><\/p>\n<p><font size=\"2\"><\/font><\/p>\n<ul>\n<li><font size=\"2\">\n<p><font size=\"2\"><span lang=\"FR\">Appropri\u00e9 pour des serviettes en coton, mais \u00e9galement pour des serviettes en mati\u00e8re non tiss\u00e9e.<o:p><\/o:p><\/span><\/font><\/p>\n<p><\/font><\/li>\n<li><font size=\"2\">\n<p><font size=\"2\"><span lang=\"FR\">Convient aussi pour les serviettes jetables.<o:p><\/o:p><\/span><\/font><\/p>\n<p><\/font><\/li>\n<li><font size=\"2\">\n<p><font size=\"2\"><span lang=\"FR\">Convient aussi pour chauffer des moufles et des chaussons afin d\u2019augmenter le plaisir de vos manucures et p\u00e9dicures.<o:p><\/o:p><\/span><\/font><\/p>\n<p><\/font><\/li>\n<\/ul>\n<p><font size=\"2\"><\/font><\/p>\n<p><font size=\"2\"><b><span lang=\"FR\">Sp\u00e9cifications<o:p><\/o:p><\/span><\/b><\/font><\/p>\n<p><font size=\"2\"><\/font><\/p>\n<ul>\n<li><font size=\"2\"><span lang=\"FR\">Temp\u00e9rature : constante, environ 70 \u00b0C.<\/span><\/font><\/li>\n<li><font size=\"2\"><span lang=\"FR\">Capacit\u00e9 : 11 L (+\/- 10-12 compresses).<\/span><\/font><\/li>\n<li><font size=\"2\"><span lang=\"FR\">Puissance : 160 W.<\/span><\/font><\/li>\n<li><font size=\"2\"><span lang=\"FR\">Poids : 7,5 kg.<\/span><\/font><\/li>\n<li><font size=\"2\"><span lang=\"FR\">Dimensions : 41 x 31,5 x 25,5 cm (L x p x h).<\/span><\/font><\/li>\n<\/ul>\n<p><font size=\"2\"><b><span lang=\"FR\">Conseils d\u2019utilisation<o:p><\/o:p><\/span><\/b><\/font><\/p>\n<p><font size=\"2\"><\/font><\/p>\n<ul>\n<li><font size=\"2\"><span lang=\"FR\">IMPORTANT : humidifiez les compresses avant de les mettre dans le chauffe-compresse.<\/span><\/font><\/li>\n<li><font size=\"2\"><span lang=\"FR\">Le soir, retirez les compresses de votre chauffe-compresse, s\u00e9chez-le et laissez la porte ouverte pour a\u00e9ration.<\/span><\/font><\/li>\n<li><font size=\"2\"><span lang=\"FR\">ATTENTION : n\u2019utilisez pas d\u2019huiles sur les compresses car elles rongent le caoutchouc qui se trouve dans la porte du chauffe-compresse !<\/span><\/font><\/li>\n<\/ul>\n<p><font size=\"2\"> <\/font><\/p>\n<p><font size=\"2\"><\/font><\/p>\n<div><o:p><\/o:p><\/p>\n<p><font size=\"2\"><\/font><\/p>\n<p><font size=\"2\"><o:p><\/o:p><\/font><\/p>\n<p><font size=\"2\"><o:p><\/o:p><\/font><\/p>\n<p><font size=\"2\"><b>Aussi disponible<o:p><\/o:p><\/b><\/font><\/p>\n<p><font size=\"2\"><\/font><\/p>\n<ul>\n<li><font size=\"2\"><span lang=\"DE\">Chauffe-Compresse 18 l UV + UVC(<a href=\"https:\/\/districos.com\/ProductDetail\/8450.23\" target=\"_blank\" rel=\"noopener noreferrer nofollow\">r\u00e9f. 8450.23<\/a>)<\/span><\/font><\/li>\n<li><font size=\"2\"><span lang=\"FR\">Compresse en Coton Blanc 60 x 25 cm 4 pi\u00e8ces<\/span>&nbsp;(<u><a href=\"https:\/\/districos.com\/ProductDetail\/8611.02\" target=\"_blank\" rel=\"noopener noreferrer nofollow\">r\u00e9f. 8611.02<\/a><\/u>)<\/font><\/li>\n<li><font size=\"2\"><span lang=\"FR\">Serviettes Jetables 50 x 40 cm 50 pi\u00e8ces<\/span>&nbsp;(<u><a href=\"https:\/\/districos.com\/ProductDetail\/1229.50\" target=\"_blank\" rel=\"noopener noreferrer nofollow\">r\u00e9f. 1229.50<\/a><\/u>)<\/font><\/li>\n<li><font size=\"2\"><span lang=\"FR\">Serviettes Jetables 70 x 50 cm 50 pi\u00e8ces<\/span>&nbsp;(<a href=\"https:\/\/districos.com\/ProductDetail\/1229.54\" target=\"_blank\" rel=\"noopener noreferrer nofollow\">r\u00e9f. 1229.54<\/a>)<\/font><\/li>\n<\/ul>\n<\/div>\n","protected":false},"excerpt":{"rendered":"<p>La chaleur s\u2019utilise souvent pour les soins esth\u00e9tiques, tant pour les soins de visage et de corps que pour les manucures et les p\u00e9dicures. Avec un chauffe-compresse dans votre salon, vous disposez en permanence de compresses chaudes \u00e0 port\u00e9e de main afin de nettoyer le visage apr\u00e8s un masque, d\u2019\u00e9liminer les restants d\u2019un enveloppement corporel [&hellip;]<\/p>\n","protected":false},"featured_media":82241,"comment_status":"open","ping_status":"closed","template":"","meta":{"_acf_changed":false},"product_brand":[10612],"product_cat":[9862,10090],"product_tag":[],"class_list":{"0":"post-138719","1":"product","2":"type-product","3":"status-publish","4":"has-post-thumbnail","6":"product_brand-zenna-fr","7":"product_cat-beaute-visage-equipement","8":"product_cat-amenagement-equipement-visage","10":"first","11":"instock","12":"taxable","13":"shipping-taxable","14":"product-type-simple"},"acf":[],"yoast_head":"<!-- This site is optimized with the Yoast SEO plugin v27.3 - https:\/\/yoast.com\/product\/yoast-seo-wordpress\/ -->\n<title>Zenna M-4049 Chauffe-Compresse - Districos Webshop<\/title>\n<meta name=\"robots\" content=\"noindex, follow, max-snippet:-1, max-image-preview:large, max-video-preview:-1\" \/>\n<meta property=\"og:locale\" content=\"fr_FR\" \/>\n<meta property=\"og:type\" content=\"article\" \/>\n<meta property=\"og:title\" content=\"Zenna M-4049 Chauffe-Compresse - Districos Webshop\" \/>\n<meta property=\"og:description\" content=\"La chaleur s\u2019utilise souvent pour les soins esth\u00e9tiques, tant pour les soins de visage et de corps que pour les manucures et les p\u00e9dicures. Avec un chauffe-compresse dans votre salon, vous disposez en permanence de compresses chaudes \u00e0 port\u00e9e de main afin de nettoyer le visage apr\u00e8s un masque, d\u2019\u00e9liminer les restants d\u2019un enveloppement corporel [&hellip;]\" \/>\n<meta property=\"og:url\" content=\"https:\/\/districos.standingout.be\/fr\/product\/zenna-m-4049-chauffe-compresse-ref-8450-21\/\" \/>\n<meta property=\"og:site_name\" content=\"Districos Webshop\" \/>\n<meta property=\"article:modified_time\" content=\"2026-04-28T09:52:52+00:00\" \/>\n<meta name=\"twitter:card\" content=\"summary_large_image\" \/>\n<meta name=\"twitter:label1\" content=\"Dur\u00e9e de lecture estim\u00e9e\" \/>\n\t<meta name=\"twitter:data1\" content=\"1 minute\" \/>\n<script type=\"application\/ld+json\" class=\"yoast-schema-graph\">{\"@context\":\"https:\\\/\\\/schema.org\",\"@graph\":[{\"@type\":\"WebPage\",\"@id\":\"https:\\\/\\\/districos.standingout.be\\\/fr\\\/product\\\/zenna-m-4049-chauffe-compresse-ref-8450-21\\\/\",\"url\":\"https:\\\/\\\/districos.standingout.be\\\/fr\\\/product\\\/zenna-m-4049-chauffe-compresse-ref-8450-21\\\/\",\"name\":\"Zenna M-4049 Chauffe-Compresse - Districos Webshop\",\"isPartOf\":{\"@id\":\"https:\\\/\\\/districos.standingout.be\\\/fr\\\/#website\"},\"primaryImageOfPage\":{\"@id\":\"https:\\\/\\\/districos.standingout.be\\\/fr\\\/product\\\/zenna-m-4049-chauffe-compresse-ref-8450-21\\\/#primaryimage\"},\"image\":{\"@id\":\"https:\\\/\\\/districos.standingout.be\\\/fr\\\/product\\\/zenna-m-4049-chauffe-compresse-ref-8450-21\\\/#primaryimage\"},\"thumbnailUrl\":\"https:\\\/\\\/districos.standingout.be\\\/wp-content\\\/uploads\\\/2025\\\/07\\\/8450.21@LowRes_1.png\",\"datePublished\":\"2026-04-28T09:52:48+00:00\",\"dateModified\":\"2026-04-28T09:52:52+00:00\",\"breadcrumb\":{\"@id\":\"https:\\\/\\\/districos.standingout.be\\\/fr\\\/product\\\/zenna-m-4049-chauffe-compresse-ref-8450-21\\\/#breadcrumb\"},\"inLanguage\":\"fr-FR\",\"potentialAction\":[{\"@type\":\"ReadAction\",\"target\":[\"https:\\\/\\\/districos.standingout.be\\\/fr\\\/product\\\/zenna-m-4049-chauffe-compresse-ref-8450-21\\\/\"]}]},{\"@type\":\"ImageObject\",\"inLanguage\":\"fr-FR\",\"@id\":\"https:\\\/\\\/districos.standingout.be\\\/fr\\\/product\\\/zenna-m-4049-chauffe-compresse-ref-8450-21\\\/#primaryimage\",\"url\":\"https:\\\/\\\/districos.standingout.be\\\/wp-content\\\/uploads\\\/2025\\\/07\\\/8450.21@LowRes_1.png\",\"contentUrl\":\"https:\\\/\\\/districos.standingout.be\\\/wp-content\\\/uploads\\\/2025\\\/07\\\/8450.21@LowRes_1.png\",\"width\":600,\"height\":600},{\"@type\":\"BreadcrumbList\",\"@id\":\"https:\\\/\\\/districos.standingout.be\\\/fr\\\/product\\\/zenna-m-4049-chauffe-compresse-ref-8450-21\\\/#breadcrumb\",\"itemListElement\":[{\"@type\":\"ListItem\",\"position\":1,\"name\":\"Home\",\"item\":\"https:\\\/\\\/districos.standingout.be\\\/fr\\\/bienvenue-chez-districos\\\/\"},{\"@type\":\"ListItem\",\"position\":2,\"name\":\"Boutique\",\"item\":\"https:\\\/\\\/districos.standingout.be\\\/fr\\\/boutique\\\/\"},{\"@type\":\"ListItem\",\"position\":3,\"name\":\"Zenna M-4049 Chauffe-Compresse\"}]},{\"@type\":\"WebSite\",\"@id\":\"https:\\\/\\\/districos.standingout.be\\\/fr\\\/#website\",\"url\":\"https:\\\/\\\/districos.standingout.be\\\/fr\\\/\",\"name\":\"Districos Webshop\",\"description\":\"\",\"publisher\":{\"@id\":\"https:\\\/\\\/districos.standingout.be\\\/fr\\\/#organization\"},\"potentialAction\":[{\"@type\":\"SearchAction\",\"target\":{\"@type\":\"EntryPoint\",\"urlTemplate\":\"https:\\\/\\\/districos.standingout.be\\\/fr\\\/?s={search_term_string}\"},\"query-input\":{\"@type\":\"PropertyValueSpecification\",\"valueRequired\":true,\"valueName\":\"search_term_string\"}}],\"inLanguage\":\"fr-FR\"},{\"@type\":\"Organization\",\"@id\":\"https:\\\/\\\/districos.standingout.be\\\/fr\\\/#organization\",\"name\":\"Districos Webshop\",\"url\":\"https:\\\/\\\/districos.standingout.be\\\/fr\\\/\",\"logo\":{\"@type\":\"ImageObject\",\"inLanguage\":\"fr-FR\",\"@id\":\"https:\\\/\\\/districos.standingout.be\\\/fr\\\/#\\\/schema\\\/logo\\\/image\\\/\",\"url\":\"https:\\\/\\\/districos.standingout.be\\\/wp-content\\\/uploads\\\/2022\\\/09\\\/Districos_Logo_Webshop.svg\",\"contentUrl\":\"https:\\\/\\\/districos.standingout.be\\\/wp-content\\\/uploads\\\/2022\\\/09\\\/Districos_Logo_Webshop.svg\",\"caption\":\"Districos Webshop\"},\"image\":{\"@id\":\"https:\\\/\\\/districos.standingout.be\\\/fr\\\/#\\\/schema\\\/logo\\\/image\\\/\"}}]}<\/script>\n<!-- \/ Yoast SEO plugin. -->","yoast_head_json":{"title":"Zenna M-4049 Chauffe-Compresse - Districos Webshop","robots":{"index":"noindex","follow":"follow","max-snippet":"max-snippet:-1","max-image-preview":"max-image-preview:large","max-video-preview":"max-video-preview:-1"},"og_locale":"fr_FR","og_type":"article","og_title":"Zenna M-4049 Chauffe-Compresse - Districos Webshop","og_description":"La chaleur s\u2019utilise souvent pour les soins esth\u00e9tiques, tant pour les soins de visage et de corps que pour les manucures et les p\u00e9dicures. Avec un chauffe-compresse dans votre salon, vous disposez en permanence de compresses chaudes \u00e0 port\u00e9e de main afin de nettoyer le visage apr\u00e8s un masque, d\u2019\u00e9liminer les restants d\u2019un enveloppement corporel [&hellip;]","og_url":"https:\/\/districos.standingout.be\/fr\/product\/zenna-m-4049-chauffe-compresse-ref-8450-21\/","og_site_name":"Districos Webshop","article_modified_time":"2026-04-28T09:52:52+00:00","twitter_card":"summary_large_image","twitter_misc":{"Dur\u00e9e de lecture estim\u00e9e":"1 minute"},"schema":{"@context":"https:\/\/schema.org","@graph":[{"@type":"WebPage","@id":"https:\/\/districos.standingout.be\/fr\/product\/zenna-m-4049-chauffe-compresse-ref-8450-21\/","url":"https:\/\/districos.standingout.be\/fr\/product\/zenna-m-4049-chauffe-compresse-ref-8450-21\/","name":"Zenna M-4049 Chauffe-Compresse - Districos Webshop","isPartOf":{"@id":"https:\/\/districos.standingout.be\/fr\/#website"},"primaryImageOfPage":{"@id":"https:\/\/districos.standingout.be\/fr\/product\/zenna-m-4049-chauffe-compresse-ref-8450-21\/#primaryimage"},"image":{"@id":"https:\/\/districos.standingout.be\/fr\/product\/zenna-m-4049-chauffe-compresse-ref-8450-21\/#primaryimage"},"thumbnailUrl":"https:\/\/districos.standingout.be\/wp-content\/uploads\/2025\/07\/8450.21@LowRes_1.png","datePublished":"2026-04-28T09:52:48+00:00","dateModified":"2026-04-28T09:52:52+00:00","breadcrumb":{"@id":"https:\/\/districos.standingout.be\/fr\/product\/zenna-m-4049-chauffe-compresse-ref-8450-21\/#breadcrumb"},"inLanguage":"fr-FR","potentialAction":[{"@type":"ReadAction","target":["https:\/\/districos.standingout.be\/fr\/product\/zenna-m-4049-chauffe-compresse-ref-8450-21\/"]}]},{"@type":"ImageObject","inLanguage":"fr-FR","@id":"https:\/\/districos.standingout.be\/fr\/product\/zenna-m-4049-chauffe-compresse-ref-8450-21\/#primaryimage","url":"https:\/\/districos.standingout.be\/wp-content\/uploads\/2025\/07\/8450.21@LowRes_1.png","contentUrl":"https:\/\/districos.standingout.be\/wp-content\/uploads\/2025\/07\/8450.21@LowRes_1.png","width":600,"height":600},{"@type":"BreadcrumbList","@id":"https:\/\/districos.standingout.be\/fr\/product\/zenna-m-4049-chauffe-compresse-ref-8450-21\/#breadcrumb","itemListElement":[{"@type":"ListItem","position":1,"name":"Home","item":"https:\/\/districos.standingout.be\/fr\/bienvenue-chez-districos\/"},{"@type":"ListItem","position":2,"name":"Boutique","item":"https:\/\/districos.standingout.be\/fr\/boutique\/"},{"@type":"ListItem","position":3,"name":"Zenna M-4049 Chauffe-Compresse"}]},{"@type":"WebSite","@id":"https:\/\/districos.standingout.be\/fr\/#website","url":"https:\/\/districos.standingout.be\/fr\/","name":"Districos Webshop","description":"","publisher":{"@id":"https:\/\/districos.standingout.be\/fr\/#organization"},"potentialAction":[{"@type":"SearchAction","target":{"@type":"EntryPoint","urlTemplate":"https:\/\/districos.standingout.be\/fr\/?s={search_term_string}"},"query-input":{"@type":"PropertyValueSpecification","valueRequired":true,"valueName":"search_term_string"}}],"inLanguage":"fr-FR"},{"@type":"Organization","@id":"https:\/\/districos.standingout.be\/fr\/#organization","name":"Districos Webshop","url":"https:\/\/districos.standingout.be\/fr\/","logo":{"@type":"ImageObject","inLanguage":"fr-FR","@id":"https:\/\/districos.standingout.be\/fr\/#\/schema\/logo\/image\/","url":"https:\/\/districos.standingout.be\/wp-content\/uploads\/2022\/09\/Districos_Logo_Webshop.svg","contentUrl":"https:\/\/districos.standingout.be\/wp-content\/uploads\/2022\/09\/Districos_Logo_Webshop.svg","caption":"Districos Webshop"},"image":{"@id":"https:\/\/districos.standingout.be\/fr\/#\/schema\/logo\/image\/"}}]}},"_links":{"self":[{"href":"https:\/\/districos.standingout.be\/fr\/wp-json\/wp\/v2\/product\/138719","targetHints":{"allow":["GET"]}}],"collection":[{"href":"https:\/\/districos.standingout.be\/fr\/wp-json\/wp\/v2\/product"}],"about":[{"href":"https:\/\/districos.standingout.be\/fr\/wp-json\/wp\/v2\/types\/product"}],"replies":[{"embeddable":true,"href":"https:\/\/districos.standingout.be\/fr\/wp-json\/wp\/v2\/comments?post=138719"}],"wp:featuredmedia":[{"embeddable":true,"href":"https:\/\/districos.standingout.be\/fr\/wp-json\/wp\/v2\/media\/82241"}],"wp:attachment":[{"href":"https:\/\/districos.standingout.be\/fr\/wp-json\/wp\/v2\/media?parent=138719"}],"wp:term":[{"taxonomy":"product_brand","embeddable":true,"href":"https:\/\/districos.standingout.be\/fr\/wp-json\/wp\/v2\/product_brand?post=138719"},{"taxonomy":"product_cat","embeddable":true,"href":"https:\/\/districos.standingout.be\/fr\/wp-json\/wp\/v2\/product_cat?post=138719"},{"taxonomy":"product_tag","embeddable":true,"href":"https:\/\/districos.standingout.be\/fr\/wp-json\/wp\/v2\/product_tag?post=138719"}],"curies":[{"name":"wp","href":"https:\/\/api.w.org\/{rel}","templated":true}]}}